{"id":476,"date":"2017-07-14T09:57:29","date_gmt":"2017-07-14T07:57:29","guid":{"rendered":"https:\/\/schual.at\/?page_id=476"},"modified":"2021-07-09T11:30:26","modified_gmt":"2021-07-09T09:30:26","slug":"natur-und-kultur-und-kein-fernseher","status":"publish","type":"page","link":"https:\/\/schual.at\/index.php\/natur-und-kultur-und-kein-fernseher\/","title":{"rendered":"Natur und Kultur"},"content":{"rendered":"<p>Fauna und Flora rund ums Haus sind \u00fcberraschend vielf\u00e4ltig!<\/p>\n<p><img loading=\"lazy\" decoding=\"async\" class=\"size-medium wp-image-480 alignright\" src=\"https:\/\/schual.at\/wp-content\/uploads\/IMG_2484-1-300x200.jpg\" alt=\"\" width=\"300\" height=\"200\" srcset=\"https:\/\/schual.at\/wp-content\/uploads\/IMG_2484-1-300x200.jpg 300w, https:\/\/schual.at\/wp-content\/uploads\/IMG_2484-1-768x512.jpg 768w, https:\/\/schual.at\/wp-content\/uploads\/IMG_2484-1-1024x682.jpg 1024w, https:\/\/schual.at\/wp-content\/uploads\/IMG_2484-1.jpg 2000w\" sizes=\"auto, (max-width: 300px) 100vw, 300px\" \/><\/p>\n<p>\u00a0<\/p>\n<p>Zahlreiche Tiere tummeln sich in den naturnahen Wiesen und Biodiversit\u00e4t ist hier ganz selbstverst\u00e4ndlich gegeben.<\/p>\n<p>Die verschiedenen Lebensr\u00e4ume direkt vor der Haust\u00fcre laden zum Entdecken und Verweilen ein: viele Kleinlebewesen lassen sich hier beobachten bis hin zu Zufallsbegegnungen mit Reh, Hase, Fuchs und Marder.<\/p>\n<p><img loading=\"lazy\" decoding=\"async\" class=\"size-medium wp-image-483 alignleft\" src=\"https:\/\/schual.at\/wp-content\/uploads\/IMG_2527-1-300x200.jpg\" alt=\"\" width=\"300\" height=\"200\" srcset=\"https:\/\/schual.at\/wp-content\/uploads\/IMG_2527-1-300x200.jpg 300w, https:\/\/schual.at\/wp-content\/uploads\/IMG_2527-1-768x512.jpg 768w, https:\/\/schual.at\/wp-content\/uploads\/IMG_2527-1-1024x682.jpg 1024w, https:\/\/schual.at\/wp-content\/uploads\/IMG_2527-1.jpg 2000w\" sizes=\"auto, (max-width: 300px) 100vw, 300px\" \/><\/p>\n<p><img loading=\"lazy\" decoding=\"async\" class=\"size-medium wp-image-482 alignnone\" src=\"https:\/\/schual.at\/wp-content\/uploads\/IMG_2519-1-300x200.jpg\" alt=\"\" width=\"300\" height=\"200\" srcset=\"https:\/\/schual.at\/wp-content\/uploads\/IMG_2519-1-300x200.jpg 300w, https:\/\/schual.at\/wp-content\/uploads\/IMG_2519-1-768x512.jpg 768w, https:\/\/schual.at\/wp-content\/uploads\/IMG_2519-1-1024x682.jpg 1024w, https:\/\/schual.at\/wp-content\/uploads\/IMG_2519-1.jpg 2000w\" sizes=\"auto, (max-width: 300px) 100vw, 300px\" \/><\/p>\n<p>\u00a0<\/p>\n<p><img loading=\"lazy\" decoding=\"async\" class=\"size-medium wp-image-488 alignleft\" src=\"https:\/\/schual.at\/wp-content\/uploads\/IMG_2267-300x200.jpg\" alt=\"\" width=\"300\" height=\"200\" srcset=\"https:\/\/schual.at\/wp-content\/uploads\/IMG_2267-300x200.jpg 300w, https:\/\/schual.at\/wp-content\/uploads\/IMG_2267-768x512.jpg 768w, https:\/\/schual.at\/wp-content\/uploads\/IMG_2267-1024x682.jpg 1024w, https:\/\/schual.at\/wp-content\/uploads\/IMG_2267.jpg 2000w\" sizes=\"auto, (max-width: 300px) 100vw, 300px\" \/><\/p>\n<p><img loading=\"lazy\" decoding=\"async\" class=\"size-medium wp-image-481 alignleft\" src=\"https:\/\/schual.at\/wp-content\/uploads\/IMG_2495-1-300x200.jpg\" alt=\"\" width=\"300\" height=\"200\" srcset=\"https:\/\/schual.at\/wp-content\/uploads\/IMG_2495-1-300x200.jpg 300w, https:\/\/schual.at\/wp-content\/uploads\/IMG_2495-1-768x512.jpg 768w, https:\/\/schual.at\/wp-content\/uploads\/IMG_2495-1-1024x682.jpg 1024w, https:\/\/schual.at\/wp-content\/uploads\/IMG_2495-1.jpg 2000w\" sizes=\"auto, (max-width: 300px) 100vw, 300px\" \/><\/p>\n<p>\u00a0<\/p>\n<p>\u00a0<\/p>\n<p>\u00a0<\/p>\n<p>\u00a0<\/p>\n<p>Wer auf der Terrasse sitzt, hat einen direkten Blick ins Wohnzimmer zahlreicher Singv\u00f6gel: die \u00fcblichen Verd\u00e4chtigen wie Amsel, Drossel, Fink und Star sind nat\u00fcrlich dabei &#8211; und noch viele mehr aus der ganzen Vogelschar. Es ist beeindruckend, wenn der Falke unter dem\u00a0 Dachfirst landet, die Buntspechte f\u00fchlen sich sehr wohl in den alten B\u00e4umen und ein Hausrotschwanzp\u00e4rchen br\u00fctet j\u00e4hrlich \u00fcber der Haust\u00fcre. W\u00e4hrenddessen necken die Kr\u00e4hen die viel gr\u00f6\u00dferen Greifv\u00f6gel wie Habicht und Bussard am blauen Himmel.<\/p>\n<p>In Gradenegg gibt es auch noch Laubfr\u00f6sche, die zum abendlichen, lautstarken Konzert laden &#8211; manchmal sogar von der hohen, alten Esche, die nicht nur zahlreiche Froschpopulationen erlebt hat, sondern die noch viel mehr vom damaligen Schulleben erz\u00e4hlen k\u00f6nnte.<\/p>\n<p><img loading=\"lazy\" decoding=\"async\" class=\"alignnone size-medium wp-image-492\" src=\"https:\/\/schual.at\/wp-content\/uploads\/IMG_2644-1-300x200.jpg\" alt=\"\" width=\"300\" height=\"200\" srcset=\"https:\/\/schual.at\/wp-content\/uploads\/IMG_2644-1-300x200.jpg 300w, https:\/\/schual.at\/wp-content\/uploads\/IMG_2644-1-768x512.jpg 768w, https:\/\/schual.at\/wp-content\/uploads\/IMG_2644-1-1024x682.jpg 1024w, https:\/\/schual.at\/wp-content\/uploads\/IMG_2644-1.jpg 2000w\" sizes=\"auto, (max-width: 300px) 100vw, 300px\" \/><img loading=\"lazy\" decoding=\"async\" class=\"size-medium wp-image-489 alignleft\" src=\"https:\/\/schual.at\/wp-content\/uploads\/IMG_2312-300x200.jpg\" alt=\"\" width=\"300\" height=\"200\" srcset=\"https:\/\/schual.at\/wp-content\/uploads\/IMG_2312-300x200.jpg 300w, https:\/\/schual.at\/wp-content\/uploads\/IMG_2312-768x512.jpg 768w, https:\/\/schual.at\/wp-content\/uploads\/IMG_2312-1024x682.jpg 1024w, https:\/\/schual.at\/wp-content\/uploads\/IMG_2312.jpg 2000w\" sizes=\"auto, (max-width: 300px) 100vw, 300px\" \/><img loading=\"lazy\" decoding=\"async\" class=\"size-medium wp-image-479 alignright\" src=\"https:\/\/schual.at\/wp-content\/uploads\/IMG_2470-300x200.jpg\" alt=\"\" width=\"300\" height=\"200\" srcset=\"https:\/\/schual.at\/wp-content\/uploads\/IMG_2470-300x200.jpg 300w, https:\/\/schual.at\/wp-content\/uploads\/IMG_2470-768x512.jpg 768w, https:\/\/schual.at\/wp-content\/uploads\/IMG_2470-1024x682.jpg 1024w, https:\/\/schual.at\/wp-content\/uploads\/IMG_2470.jpg 2000w\" sizes=\"auto, (max-width: 300px) 100vw, 300px\" \/><\/p>\n<p>Neben den alten B\u00e4umen gibt es verschiedene Obstb\u00e4ume, Beerenstr\u00e4ucher, Kr\u00e4uter und eine vielf\u00e4ltige Blumenwiese, die f\u00fcr <img loading=\"lazy\" decoding=\"async\" class=\"size-medium wp-image-490 alignright\" src=\"https:\/\/schual.at\/wp-content\/uploads\/IMG_2326-300x200.jpg\" alt=\"\" width=\"300\" height=\"200\" srcset=\"https:\/\/schual.at\/wp-content\/uploads\/IMG_2326-300x200.jpg 300w, https:\/\/schual.at\/wp-content\/uploads\/IMG_2326-768x512.jpg 768w, https:\/\/schual.at\/wp-content\/uploads\/IMG_2326-1024x682.jpg 1024w, https:\/\/schual.at\/wp-content\/uploads\/IMG_2326.jpg 2000w\" sizes=\"auto, (max-width: 300px) 100vw, 300px\" \/>vielerlei Getier Heimat ist.<\/p>\n<p>\u00a0<\/p>\n<p>Wenn die Grillen zu zirpen beginnen und die Heuschrecken durchs Gras h\u00fcpfen, wei\u00df man: es ist Sommer. Die K\u00fche des Nachbarn vom Dorf sind auf der Weide, der Wind rauscht in den B\u00e4umen und der Duft von frischem Heu kitzelt in der Nase. Die Abende sind lau, in der D\u00e4mmerung sind unsere Igel aktiv, das zarte Leuchten der Gl\u00fchw\u00fcrmchen verzaubert die Nacht und auf der Terrasse kann man ins Land der Tr\u00e4ume versinken mit Blick in den klaren Sternenhimmel.<\/p>\n<p>\u00a0<\/p>\n<p><img loading=\"lazy\" decoding=\"async\" class=\"alignnone size-medium wp-image-616\" src=\"https:\/\/schual.at\/wp-content\/uploads\/Kleiber-300x200.jpg\" alt=\"\" width=\"300\" height=\"200\" srcset=\"https:\/\/schual.at\/wp-content\/uploads\/Kleiber-300x200.jpg 300w, https:\/\/schual.at\/wp-content\/uploads\/Kleiber-768x512.jpg 768w, https:\/\/schual.at\/wp-content\/uploads\/Kleiber-1024x682.jpg 1024w, https:\/\/schual.at\/wp-content\/uploads\/Kleiber.jpg 2000w\" sizes=\"auto, (max-width: 300px) 100vw, 300px\" \/> <img loading=\"lazy\" decoding=\"async\" class=\"alignnone size-medium wp-image-617\" src=\"https:\/\/schual.at\/wp-content\/uploads\/Kolkraben-300x200.jpg\" alt=\"\" width=\"300\" height=\"200\" srcset=\"https:\/\/schual.at\/wp-content\/uploads\/Kolkraben-300x200.jpg 300w, https:\/\/schual.at\/wp-content\/uploads\/Kolkraben-768x511.jpg 768w, https:\/\/schual.at\/wp-content\/uploads\/Kolkraben-1024x682.jpg 1024w, https:\/\/schual.at\/wp-content\/uploads\/Kolkraben.jpg 2000w\" sizes=\"auto, (max-width: 300px) 100vw, 300px\" \/><img loading=\"lazy\" decoding=\"async\" class=\"alignnone size-medium wp-image-615\" src=\"https:\/\/schual.at\/wp-content\/uploads\/Buntspecht-300x200.jpg\" alt=\"\" width=\"300\" height=\"200\" srcset=\"https:\/\/schual.at\/wp-content\/uploads\/Buntspecht-300x200.jpg 300w, https:\/\/schual.at\/wp-content\/uploads\/Buntspecht-768x512.jpg 768w, https:\/\/schual.at\/wp-content\/uploads\/Buntspecht-1024x683.jpg 1024w, https:\/\/schual.at\/wp-content\/uploads\/Buntspecht.jpg 2000w\" sizes=\"auto, (max-width: 300px) 100vw, 300px\" \/><\/p>\n<p>Die Wintertage und N\u00e4chte hingegen sind klirrend kalt und zumeist klar &#8211; der Nebel legt sich sanft \u00fcbers Tal und bedeckt die Landschaft. Wie wohltuend und erhebend ist der Blick \u00fcber das Nebelmeer und dar\u00fcber die unz\u00e4hligen feinen Farbabstufungen. Auf der Terrasse kann man in kuschelige Decken geh\u00fcllt bei einer Tasse hei\u00dfem Tee oder einem belebenden Schluck Kaffee die w\u00e4rmende Wintersonne genie\u00dfen.<\/p>\n<p><img loading=\"lazy\" decoding=\"async\" class=\"alignnone size-medium wp-image-560\" src=\"https:\/\/schual.at\/wp-content\/uploads\/IMG_0060-300x200.jpg\" alt=\"\" width=\"300\" height=\"200\" srcset=\"https:\/\/schual.at\/wp-content\/uploads\/IMG_0060-300x200.jpg 300w, https:\/\/schual.at\/wp-content\/uploads\/IMG_0060-768x512.jpg 768w, https:\/\/schual.at\/wp-content\/uploads\/IMG_0060-1024x682.jpg 1024w, https:\/\/schual.at\/wp-content\/uploads\/IMG_0060.jpg 2000w\" sizes=\"auto, (max-width: 300px) 100vw, 300px\" \/><img loading=\"lazy\" decoding=\"async\" class=\"alignnone size-medium wp-image-559\" src=\"https:\/\/schual.at\/wp-content\/uploads\/IMG_0074-300x200.jpg\" alt=\"\" width=\"300\" height=\"200\" srcset=\"https:\/\/schual.at\/wp-content\/uploads\/IMG_0074-300x200.jpg 300w, https:\/\/schual.at\/wp-content\/uploads\/IMG_0074-768x512.jpg 768w, https:\/\/schual.at\/wp-content\/uploads\/IMG_0074-1024x682.jpg 1024w, https:\/\/schual.at\/wp-content\/uploads\/IMG_0074.jpg 2000w\" sizes=\"auto, (max-width: 300px) 100vw, 300px\" \/><img loading=\"lazy\" decoding=\"async\" class=\"alignnone size-medium wp-image-558\" src=\"https:\/\/schual.at\/wp-content\/uploads\/IMG_1898-300x200.jpg\" alt=\"\" width=\"300\" height=\"200\" srcset=\"https:\/\/schual.at\/wp-content\/uploads\/IMG_1898-300x200.jpg 300w, https:\/\/schual.at\/wp-content\/uploads\/IMG_1898-768x512.jpg 768w, https:\/\/schual.at\/wp-content\/uploads\/IMG_1898-1024x682.jpg 1024w, https:\/\/schual.at\/wp-content\/uploads\/IMG_1898.jpg 2000w\" sizes=\"auto, (max-width: 300px) 100vw, 300px\" \/><\/p>\n<p>\u00a0<\/p>\n<p><img loading=\"lazy\" decoding=\"async\" class=\"size-medium wp-image-497 alignleft\" src=\"https:\/\/schual.at\/wp-content\/uploads\/IMG_2672-1-300x200.jpg\" alt=\"\" width=\"300\" height=\"200\" srcset=\"https:\/\/schual.at\/wp-content\/uploads\/IMG_2672-1-300x200.jpg 300w, https:\/\/schual.at\/wp-content\/uploads\/IMG_2672-1-768x512.jpg 768w, https:\/\/schual.at\/wp-content\/uploads\/IMG_2672-1-1024x682.jpg 1024w, https:\/\/schual.at\/wp-content\/uploads\/IMG_2672-1.jpg 2000w\" sizes=\"auto, (max-width: 300px) 100vw, 300px\" \/><img loading=\"lazy\" decoding=\"async\" class=\"wp-image-493 size-medium alignleft\" src=\"https:\/\/schual.at\/wp-content\/uploads\/IMG_2574-1-e1499971898428-200x300.jpg\" alt=\"\" width=\"200\" height=\"300\" srcset=\"https:\/\/schual.at\/wp-content\/uploads\/IMG_2574-1-e1499971898428-200x300.jpg 200w, https:\/\/schual.at\/wp-content\/uploads\/IMG_2574-1-e1499971898428-768x1152.jpg 768w, https:\/\/schual.at\/wp-content\/uploads\/IMG_2574-1-e1499971898428-682x1024.jpg 682w, https:\/\/schual.at\/wp-content\/uploads\/IMG_2574-1-e1499971898428.jpg 1333w\" sizes=\"auto, (max-width: 200px) 100vw, 200px\" \/><\/p>\n<p>\u00a0<\/p>\n<p><img loading=\"lazy\" decoding=\"async\" class=\"size-medium wp-image-498 alignleft\" src=\"https:\/\/schual.at\/wp-content\/uploads\/IMG_2653-1-300x200.jpg\" alt=\"\" width=\"300\" height=\"200\" srcset=\"https:\/\/schual.at\/wp-content\/uploads\/IMG_2653-1-300x200.jpg 300w, https:\/\/schual.at\/wp-content\/uploads\/IMG_2653-1-768x512.jpg 768w, https:\/\/schual.at\/wp-content\/uploads\/IMG_2653-1-1024x682.jpg 1024w, https:\/\/schual.at\/wp-content\/uploads\/IMG_2653-1.jpg 2000w\" sizes=\"auto, (max-width: 300px) 100vw, 300px\" \/><\/p>\n<p>Von der K\u00e4rntner Landschaft inspiriert wurden auch viele Maler und Schriftsteller &#8211; und so wurde das Haus \u00fcberwiegend mit Bildern und Gedichten von K\u00fcnstlern mit K\u00e4rntenbezug ausgestattet. Diese sollen auch als Wurzeln verstanden werden f\u00fcr das Haus, das seine \u00c4ste durch seine G\u00e4ste m\u00f6glichst international in die Welt wachsen sehen m\u00f6chte.<\/p>\n<p>\u00a0<\/p>\n<p>Kultur als Befruch<img loading=\"lazy\" decoding=\"async\" class=\"wp-image-499 size-medium alignleft\" src=\"https:\/\/schual.at\/wp-content\/uploads\/IMG_2580-e1499973529908-200x300.jpg\" alt=\"\" width=\"200\" height=\"300\" srcset=\"https:\/\/schual.at\/wp-content\/uploads\/IMG_2580-e1499973529908-200x300.jpg 200w, https:\/\/schual.at\/wp-content\/uploads\/IMG_2580-e1499973529908-768x1152.jpg 768w, https:\/\/schual.at\/wp-content\/uploads\/IMG_2580-e1499973529908-682x1024.jpg 682w, https:\/\/schual.at\/wp-content\/uploads\/IMG_2580-e1499973529908.jpg 1333w\" sizes=\"auto, (max-width: 200px) 100vw, 200px\" \/>ter, als Lebenselixier, zum Auftanken und Kraft sch\u00f6pfen:<\/p>\n<p>\u00a0<\/p>\n<p>Derzeit zu sehen und zu lesen: Katharina Ortner\/Agnes Stracke, Wolfgang Stracke &amp; Gustav Janu\u0161, Martin Zakl &amp; Ingeborg Bachmann, Werner Berg &amp; Christine Lavant, Fiona Gertrud J\u00e4ssl Schwartze &amp; Martanda J. Jost\/Herbert Stichaller, Maja Haderlap, Ernst Meise &amp; Maria Machan und Gerhard Glawischnig, Fabjan Hafner, Frank Tomassetti-Kropiunik, Heinz M\u00f6seneder, Jan B\u00fcrli, Franz Wiegele &amp; Marie Theres Friedl.<\/p>\n<p>Im Haus gibt es auch eine reiche Auswahl von B\u00fcchern mit Schriftstellern und Poeten aus K\u00e4rnten sowie Fachb\u00fccher zur Geschichte des Landes.<\/p>\n<p>\u00a0<\/p>\n<p>Und auch bei den beiden L\u00f6wenkopfkaninchen kann man auftanken:<img loading=\"lazy\" decoding=\"async\" class=\"size-medium wp-image-484 alignright\" src=\"https:\/\/schual.at\/wp-content\/uploads\/IMG_2554-1-300x200.jpg\" alt=\"\" width=\"300\" height=\"200\" srcset=\"https:\/\/schual.at\/wp-content\/uploads\/IMG_2554-1-300x200.jpg 300w, https:\/\/schual.at\/wp-content\/uploads\/IMG_2554-1-768x512.jpg 768w, https:\/\/schual.at\/wp-content\/uploads\/IMG_2554-1-1024x682.jpg 1024w, https:\/\/schual.at\/wp-content\/uploads\/IMG_2554-1.jpg 2000w\" sizes=\"auto, (max-width: 300px) 100vw, 300px\" \/><\/p>\n<p>die zwei Damen &#8222;Una&#8220; und &#8222;Ella&#8220; werden gerne gestreichelt und gef\u00fcttert und hier vergessen nicht nur Kinder die Zeit&#8230;<\/p>\n<p>\u00a0<\/p>\n<p>Und wer braucht da wirklich einen Fernseher in der Wohnung?<\/p>\n\n\n<p><\/p>\n","protected":false},"excerpt":{"rendered":"<p>Fauna und Flora rund ums Haus sind \u00fcberraschend vielf\u00e4ltig! \u00a0 Zahlreiche Tiere tummeln sich in den naturnahen Wiesen und Biodiversit\u00e4t ist hier ganz selbstverst\u00e4ndlich gegeben. Die verschiedenen Lebensr\u00e4ume direkt vor der Haust\u00fcre laden zum Entdecken und Verweilen ein: viele Kleinlebewesen lassen sich hier beobachten bis hin zu Zufallsbegegnungen mit Reh, Hase, Fuchs und Marder. \u00a0 [&hellip;]<\/p>\n","protected":false},"author":1,"featured_media":0,"parent":0,"menu_order":0,"comment_status":"closed","ping_status":"closed","template":"","meta":{"footnotes":""},"class_list":["post-476","page","type-page","status-publish","hentry"],"_links":{"self":[{"href":"https:\/\/schual.at\/index.php\/wp-json\/wp\/v2\/pages\/476","targetHints":{"allow":["GET"]}}],"collection":[{"href":"https:\/\/schual.at\/index.php\/wp-json\/wp\/v2\/pages"}],"about":[{"href":"https:\/\/schual.at\/index.php\/wp-json\/wp\/v2\/types\/page"}],"author":[{"embeddable":true,"href":"https:\/\/schual.at\/index.php\/wp-json\/wp\/v2\/users\/1"}],"replies":[{"embeddable":true,"href":"https:\/\/schual.at\/index.php\/wp-json\/wp\/v2\/comments?post=476"}],"version-history":[{"count":28,"href":"https:\/\/schual.at\/index.php\/wp-json\/wp\/v2\/pages\/476\/revisions"}],"predecessor-version":[{"id":724,"href":"https:\/\/schual.at\/index.php\/wp-json\/wp\/v2\/pages\/476\/revisions\/724"}],"wp:attachment":[{"href":"https:\/\/schual.at\/index.php\/wp-json\/wp\/v2\/media?parent=476"}],"curies":[{"name":"wp","href":"https:\/\/api.w.org\/{rel}","templated":true}]}}